{"id":839,"date":"2018-04-25T12:32:02","date_gmt":"2018-04-25T12:32:02","guid":{"rendered":"http:\/\/bfs.itworqs.de\/?page_id=839"},"modified":"2026-01-29T15:19:06","modified_gmt":"2026-01-29T13:19:06","slug":"croisiere-menu-de-fete-tour-royale-de-napoleon","status":"publish","type":"page","link":"https:\/\/bfs-linie.de\/fr\/croisiere-menu-de-fete-tour-royale-de-napoleon\/","title":{"rendered":"\u00ab\u00a0Napoleon\u00a0\u00bb Le r\u00e9gal imp\u00e9rial \/ Croisi\u00e8re menu de f\u00eate"},"content":{"rendered":"<h2 style=\"text-align: center;\">\u00ab\u00a0Napoleon\u00a0\u00bb- le r\u00e9gal imp\u00e9rial 2026<\/h2>\n<p>&nbsp;<\/p>\n<p style=\"text-align: center;\"><img loading=\"lazy\" decoding=\"async\" class=\"aligncenter wp-image-5317\" src=\"https:\/\/bfs-linie.de\/wp-content\/uploads\/2025\/12\/NL-Kanal-300x225.jpg\" alt=\"\" width=\"700\" height=\"525\" srcset=\"https:\/\/bfs-linie.de\/wp-content\/uploads\/2025\/12\/NL-Kanal-300x225.jpg 300w, https:\/\/bfs-linie.de\/wp-content\/uploads\/2025\/12\/NL-Kanal-768x576.jpg 768w, https:\/\/bfs-linie.de\/wp-content\/uploads\/2025\/12\/NL-Kanal-350x263.jpg 350w, https:\/\/bfs-linie.de\/wp-content\/uploads\/2025\/12\/NL-Kanal.jpg 1024w\" sizes=\"(max-width: 700px) 100vw, 700px\" \/><strong><br \/>\nNaviguez<\/strong> \u00e0 bord de notre <strong>bateau Napoleon<\/strong><br \/>\ndurant 4h30 sur les <strong>canaux alsaciens<\/strong>.<br \/>\nPrenez le temps de d\u00e9guster notre <strong>menu 4 plats<\/strong><br \/>\ntout en contemplant le panorama.<\/p>\n<p style=\"text-align: center;\">&#8212;&#8212;&#8211;<\/p>\n<p style=\"text-align: center;\"><strong>Avril : <\/strong>Dim. 19 \/ Dim. 26<\/p>\n<p style=\"text-align: center;\"><strong>Mai\u00a0: <\/strong>Ven. 15 \/ \u00a0Lun. 25 \/ Dim. 31<\/p>\n<p style=\"text-align: center;\"><strong>Juin : <\/strong>Dim. 7 \/ Dim. 28<\/p>\n<p style=\"text-align: center;\"><strong>Juillet : <\/strong>Dim. 5 Dim. 19<\/p>\n<p style=\"text-align: center;\"><strong>Ao\u00fbt : <\/strong>Dim. 9 \/ Dim. 23<\/p>\n<p style=\"text-align: center;\"><strong>Septembre : <\/strong>Dim. 6 \/ Dim. \u00a020<\/p>\n<p style=\"text-align: center;\"><strong>Octobre :<\/strong> Dim. 4 \/ Dim. \u00a011 \/ Dim. \u00a018<\/p>\n<p style=\"text-align: center;\">&#8212;&#8212;&#8211;<\/p>\n<p style=\"text-align: center;\">D\u00e9part de <strong>Breisach<\/strong> : 10h00<br \/>\nRetour \u00e0 <strong>Breisach<\/strong> : 14h30<\/p>\n<p style=\"text-align: center;\">&#8212;&#8212;&#8211;<\/p>\n<h2 style=\"text-align: center;\">Menu<\/h2>\n<p>&nbsp;<\/p>\n<p style=\"text-align: center;\">Entr\u00e9e alsacienne<br \/>\n~~~<br \/>\nSoupe de saison<br \/>\n~~~<br \/>\nDuo de boeuf et porc, gratin de pommes de terre et l\u00e9gumes<br \/>\nou<br \/>\nQuenelles de brochet, gnocchi et l\u00e9gumes<br \/>\n~~~<br \/>\nDessert de Saison<\/p>\n<p style=\"text-align: center;\"><strong>Prix par personne\u00a0 84,00\u20ac, hors boissons<\/strong><\/p>\n<h5 style=\"text-align: center;\"><a href=\"https:\/\/bfs-linie.de\/fr\/croisieres-publiques\/\">R\u00e9servation obligatoire.<\/a><br \/>\nmerci de pr\u00e9ciser votre choix pour le plat principal.<\/h5>\n<h5 style=\"text-align: center;\">Sur r\u00e9serve de changements saisonniers<\/h5>\n<p>&nbsp;<\/p>\n<hr \/>\n<h2 style=\"text-align: center;\">No\u00ebl scintillant 2026<\/h2>\n<p><img loading=\"lazy\" decoding=\"async\" class=\"aligncenter wp-image-5393 size-large\" src=\"https:\/\/bfs-linie.de\/wp-content\/uploads\/2026\/01\/20251119_140054-1024x768.jpg\" alt=\"\" width=\"525\" height=\"394\" srcset=\"https:\/\/bfs-linie.de\/wp-content\/uploads\/2026\/01\/20251119_140054-1024x768.jpg 1024w, https:\/\/bfs-linie.de\/wp-content\/uploads\/2026\/01\/20251119_140054-300x225.jpg 300w, https:\/\/bfs-linie.de\/wp-content\/uploads\/2026\/01\/20251119_140054-768x576.jpg 768w, https:\/\/bfs-linie.de\/wp-content\/uploads\/2026\/01\/20251119_140054-1536x1152.jpg 1536w, https:\/\/bfs-linie.de\/wp-content\/uploads\/2026\/01\/20251119_140054-2048x1536.jpg 2048w, https:\/\/bfs-linie.de\/wp-content\/uploads\/2026\/01\/20251119_140054-350x263.jpg 350w\" sizes=\"(max-width: 525px) 100vw, 525px\" \/><\/p>\n<p style=\"text-align: center;\">3 heures de <strong>croisi\u00e8re sur le Rhin<\/strong> avec un buffet de f\u00eate<\/p>\n<p style=\"text-align: center;\"><strong>Ven 25.12.26 <\/strong><br \/>\n<strong>Sam 26.12.26<\/strong><\/p>\n<p style=\"text-align: center;\">&#8212;&#8212;&#8211;<\/p>\n<p style=\"text-align: center;\">D\u00e9part de <strong>Breisach :<\/strong>\u00a012h30<br \/>\nRetour \u00e0\u00a0 <strong>Breisach :<\/strong> 15h30<\/p>\n<p style=\"text-align: center;\">&#8212;&#8212;&#8211;<\/p>\n<h2 style=\"text-align: center;\">Menu<\/h2>\n<p style=\"text-align: center;\">Velout\u00e9 de chou-fleur, poire, fromage de ch\u00e8vre (servi)<\/p>\n<p style=\"text-align: center;\">&#8212;<\/p>\n<p style=\"text-align: center;\"><strong>Buffet:<\/strong><\/p>\n<p style=\"text-align: center;\">Salades vari\u00e9es<br \/>\n&#8212;<br \/>\nOssobuco, polenta \u00e0 la courge<\/p>\n<p style=\"text-align: center;\">Fl\u00e9tan \u00e0 la sauce au riesling, p\u00e2tes<\/p>\n<p style=\"text-align: center;\">Pommes de terre farcies et gratin\u00e9es<\/p>\n<p style=\"text-align: center;\">L\u00e9gumes d&rsquo;hiver<br \/>\n&#8212;<br \/>\nDessert de No\u00ebl (servi)<\/p>\n<p style=\"text-align: center;\"><strong>Prix par personne 64,00\u20ac, hors boissons<\/strong><\/p>\n<p>&nbsp;<\/p>\n<h5 style=\"text-align: center;\"><a href=\"https:\/\/bfs-linie.de\/fr\/croisieres-publiques\/\">R\u00e9servation obligatoire.<\/a><\/h5>\n<h4 style=\"text-align: center;\"><\/h4>\n<p>&nbsp;<\/p>\n<p>&nbsp;<\/p>\n<p>&nbsp;<\/p>\n<p>&nbsp;<\/p>\n","protected":false},"excerpt":{"rendered":"<p>\u00ab\u00a0Napoleon\u00a0\u00bb- le r\u00e9gal imp\u00e9rial 2026 &nbsp; Naviguez \u00e0 bord de notre bateau Napoleon durant 4h30 sur les canaux alsaciens. Prenez le temps de d\u00e9guster notre menu 4 plats tout en contemplant le panorama. &#8212;&#8212;&#8211; Avril : Dim. 19 \/ Dim. 26 Mai\u00a0: Ven. 15 \/ \u00a0Lun. 25 \/ Dim. 31 Juin : Dim. 7 \/ &hellip; <\/p>\n<p class=\"link-more\"><a href=\"https:\/\/bfs-linie.de\/fr\/croisiere-menu-de-fete-tour-royale-de-napoleon\/\" class=\"more-link\">Continuer la lecture<span class=\"screen-reader-text\"> de &laquo;&nbsp;\u00ab\u00a0Napoleon\u00a0\u00bb Le r\u00e9gal imp\u00e9rial \/ Croisi\u00e8re menu de f\u00eate&nbsp;&raquo;<\/span><\/a><\/p>\n","protected":false},"author":1,"featured_media":0,"parent":0,"menu_order":0,"comment_status":"closed","ping_status":"closed","template":"","meta":{"footnotes":""},"class_list":["post-839","page","type-page","status-publish","hentry"],"_links":{"self":[{"href":"https:\/\/bfs-linie.de\/fr\/wp-json\/wp\/v2\/pages\/839"}],"collection":[{"href":"https:\/\/bfs-linie.de\/fr\/wp-json\/wp\/v2\/pages"}],"about":[{"href":"https:\/\/bfs-linie.de\/fr\/wp-json\/wp\/v2\/types\/page"}],"author":[{"embeddable":true,"href":"https:\/\/bfs-linie.de\/fr\/wp-json\/wp\/v2\/users\/1"}],"replies":[{"embeddable":true,"href":"https:\/\/bfs-linie.de\/fr\/wp-json\/wp\/v2\/comments?post=839"}],"version-history":[{"count":48,"href":"https:\/\/bfs-linie.de\/fr\/wp-json\/wp\/v2\/pages\/839\/revisions"}],"predecessor-version":[{"id":5477,"href":"https:\/\/bfs-linie.de\/fr\/wp-json\/wp\/v2\/pages\/839\/revisions\/5477"}],"wp:attachment":[{"href":"https:\/\/bfs-linie.de\/fr\/wp-json\/wp\/v2\/media?parent=839"}],"curies":[{"name":"wp","href":"https:\/\/api.w.org\/{rel}","templated":true}]}}