{"id":837,"date":"2018-04-25T12:31:08","date_gmt":"2018-04-25T12:31:08","guid":{"rendered":"http:\/\/bfs.itworqs.de\/?page_id=837"},"modified":"2026-01-15T12:25:57","modified_gmt":"2026-01-15T10:25:57","slug":"a-toute-vapeur-ried-express","status":"publish","type":"page","link":"https:\/\/bfs-linie.de\/fr\/a-toute-vapeur-ried-express\/","title":{"rendered":"A toute vapeur &#8211; Ried-Express"},"content":{"rendered":"<h4><\/h4>\n<h4>A toute vapeur &#8211; Ried-Express 2026<\/h4>\n<p>&nbsp;<\/p>\n<p><strong>Tous les dimanches de 10 mai au 27 septembre 2026<\/strong><\/p>\n<p><strong>Tous les samedis du 18 juillet au 5 septembre 2026<\/strong><\/p>\n<p><strong>+ lundi 25 mai, mardi 14 juillet et samedi 3 octobre 2026<\/strong><\/p>\n<p><em>Le bateau vous emm\u00e8ne en aval du Rhin, le long de la Cath\u00e9drale de Breisach jusqu\u00b4au point \u00ab\u00a0Sans Souci\u00a0\u00bb port d\u00b4ancrage des bateaux situ\u00e9s dans le Ried Alsacien o\u00f9 l\u00b4eau du Rhin est d\u00e9vi\u00e9 dans le canal de l\u00b4\u00e9cluse de Marckolsheim. Ici vous prendrez place dans le \u00ab\u00a0Ried express\u00a0\u00bb (construit en 1900). Ce train \u00e0 vapeur \u00e9quip\u00e9 d\u00b4une voiture bar, remonte vers le sud en serpantant dans la v\u00e9g\u00e9tation primaire du Ried Alsacien. Apr\u00e8s l\u00b4arriv\u00e9e au Mus\u00e9e de la gare de Volgelsheim, le train vous conduit \u00e1 son d\u00e9p\u00f4t pour visiter la collection ferroviaire. Le bateau vous ram\u00e8nera \u00e0 Breisach.<\/em><\/p>\n<p><strong>D\u00e9part de Breisach 14h45<\/strong><br \/>\n<strong>Retour \u00e0 Breisach 18h15<\/strong><\/p>\n<p>Une r\u00e9servation est demand\u00e9e.<\/p>\n<p>&nbsp;<\/p>\n<p>Prix combin\u00e9 2026<br \/>\nBateau et train \u00e0 vapeur<br \/>\nAdultes 28,00 \u20ac<br \/>\nEnfants (3-12 ans) 14,00 \u20ac<\/p>\n<p>R\u00e9duction pour les groupes \u00e0 partir de 30 adultes.<br \/>\nAdultes 27,00 \u20ac<br \/>\nEnfants (3-12 ans) 13,50 \u20ac<\/p>\n<p>Non accessible aux personnes a mobitil\u00e9 r\u00e8duite!<\/p>\n<p><strong>Informations particuli\u00e8res :<\/strong><\/p>\n<p>Pas possible pour les personnes \u00e0 mobilit\u00e9 r\u00e9duite (fauteuil roulant et d\u00e9ambulateur) ! Les wagons du train \u00e0 vapeur ne sont accessibles que par des escaliers (raides). Pendant l&rsquo;excursion, il peut \u00eatre n\u00e9cessaire de traverser des voies ferr\u00e9es et de marcher sur du ballast. Le trajet \u00e0 pied du bateau jusqu&rsquo;au train dure environ 5 minutes.<\/p>\n<p><!--\n\n\n<h2>Circuit d\u00e9couverte sur l'eau et sur les rails<\/h2>\n\n\n<iframe loading=\"lazy\" id=\"unserIframe\" class=\"rundfahrt\" src=\"https:\/\/tempbfs.netcontrol.de\/startseite.aspx?lang=fr\" width=\"300\" height=\"150\"><\/iframe>\n\n\n<div class=\"loadSpinner\">\n\n\n<div class=\"lds-css ng-scope\">\n\n\n<div class=\"lds-flickr\" style=\"width: 100%; height: 100%;\">\n\n\n<div><\/div>\n\n\n\n\n<div><\/div>\n\n\n\n\n<div><\/div>\n\n\n<\/div>\n\n\n<\/div>\n\n\n<\/div>\n\n\n<script>\njQuery(document).ready(function($){\n        \/\/ addEventListener support for IE8\n        function bindEvent(element, eventName, eventHandler) {\n            if (element.addEventListener){\n                element.addEventListener(eventName, eventHandler, false);\n            } else if (element.attachEvent) {\n                element.attachEvent('on' + eventName, eventHandler);\n            }\n        }\n        \/\/ Send a message to the child iframe\n        var iframeEl = document.getElementById('unserIframe'),\n            messageButton = document.getElementById('message_button'),\n            resultst = document.getElementById('resultst');\n        \/\/ Send a message to the child iframe\n        var sendMessage = function(msg) {\n            \/\/ Make sure you are sending a string, and to stringify JSON\n            iframeEl.contentWindow.postMessage(msg, '*');\n        };\n        \/\/ Send random messge data on every button click\n        \/\/bindEvent(messageButton, 'click', function (e) {\n         window.onload = function() {\n          sendMessage('Dampf_iE_fr');\n        };\n        \/\/ Listen to message from child window\n        bindEvent(window, 'message', function (e) {\n            if(e.data == 'clicked_fr'){\n               $(\"#unserIframe\").delay(1000).animate({opacity: 1}, 1000);      \n               $(\".loadSpinner\").delay(1000).animate({opacity: 0}, 1000).fadeOut();      \n             }\n            if(e.data == 'showOverlay'){\n                $(\".iframe_overlay\").fadeIn();\n                $(\"#unserIframe\").addClass(\"fixedFrameOpen\");\n                $(\"body\").addClass(\"frameOpen\");\n                $(\"#primary\").addClass(\"addHeight\");\n             }\n             if(e.data == 'hideOverlay'){\n               \/\/ location.reload();\n                $(\".iframe_overlay\").fadeOut();\n                $(\"#unserIframe\").removeClass(\"fixedFrameOpen\");\n                $(\"body\").removeClass(\"frameOpen\");\n                $(\"#primary\").removeClass(\"addHeight\");\n             }\n        });\n});\n<\/script>\n<script>\njQuery(document).ready(function($){\nsetInterval(function(){ \nvar Oldheight = ($(\"#main\").height() - 440);\n$('#primary').height(Oldheight);\n}, 100);\n});\n<\/script>\n--><\/p>\n","protected":false},"excerpt":{"rendered":"<p>A toute vapeur &#8211; Ried-Express 2026 &nbsp; Tous les dimanches de 10 mai au 27 septembre 2026 Tous les samedis du 18 juillet au 5 septembre 2026 + lundi 25 mai, mardi 14 juillet et samedi 3 octobre 2026 Le bateau vous emm\u00e8ne en aval du Rhin, le long de la Cath\u00e9drale de Breisach jusqu\u00b4au &hellip; <\/p>\n<p class=\"link-more\"><a href=\"https:\/\/bfs-linie.de\/fr\/a-toute-vapeur-ried-express\/\" class=\"more-link\">Continuer la lecture<span class=\"screen-reader-text\"> de &laquo;&nbsp;A toute vapeur &#8211; Ried-Express&nbsp;&raquo;<\/span><\/a><\/p>\n","protected":false},"author":1,"featured_media":0,"parent":0,"menu_order":0,"comment_status":"closed","ping_status":"closed","template":"","meta":{"footnotes":""},"class_list":["post-837","page","type-page","status-publish","hentry"],"_links":{"self":[{"href":"https:\/\/bfs-linie.de\/fr\/wp-json\/wp\/v2\/pages\/837"}],"collection":[{"href":"https:\/\/bfs-linie.de\/fr\/wp-json\/wp\/v2\/pages"}],"about":[{"href":"https:\/\/bfs-linie.de\/fr\/wp-json\/wp\/v2\/types\/page"}],"author":[{"embeddable":true,"href":"https:\/\/bfs-linie.de\/fr\/wp-json\/wp\/v2\/users\/1"}],"replies":[{"embeddable":true,"href":"https:\/\/bfs-linie.de\/fr\/wp-json\/wp\/v2\/comments?post=837"}],"version-history":[{"count":24,"href":"https:\/\/bfs-linie.de\/fr\/wp-json\/wp\/v2\/pages\/837\/revisions"}],"predecessor-version":[{"id":5445,"href":"https:\/\/bfs-linie.de\/fr\/wp-json\/wp\/v2\/pages\/837\/revisions\/5445"}],"wp:attachment":[{"href":"https:\/\/bfs-linie.de\/fr\/wp-json\/wp\/v2\/media?parent=837"}],"curies":[{"name":"wp","href":"https:\/\/api.w.org\/{rel}","templated":true}]}}